{"id":2498,"date":"2023-09-05T20:47:55","date_gmt":"2023-09-05T18:47:55","guid":{"rendered":"https:\/\/www.lempikuoro.fi\/?page_id=2498"},"modified":"2023-09-05T22:17:17","modified_gmt":"2023-09-05T20:17:17","slug":"dialogues","status":"publish","type":"page","link":"https:\/\/www.lempikuoro.fi\/en\/dialogues\/","title":{"rendered":"Dialo\u00adgues"},"content":{"rendered":"<h1 class=\"wp-block-heading has-text-align-center\" style=\"font-size:100px\"><strong><span style=\"color: #9a4a60;\" class=\"stk-highlight\">DIALOGUES<\/span><\/strong><\/h1>\n\n\n\n<p class=\"has-text-align-center\"><strong>Thursday 7th of September, 2023 at 7 pm<br>Rita\u00adri\u00adhuone \/\/ The House of Nobi\u00adlity<\/strong><br><br>Performed by <strong>Lempi\u00adkuoro<\/strong><br>Conducted by <strong>Julia Lainema<\/strong><br>Featu\u00adring <strong>Nome Quartet<\/strong>: <br><em>Elina P\u00e4kkil\u00e4, violin<br>Anna Husgafvel, violin (guest)<br>Elina Heik\u00adkinen, viola<br>Petja Kainu\u00adlainen, cello (guest)<br>Taru Tiusanen, double bass<\/em><\/p>\n\n\n\n<h2 class=\"wp-block-heading has-text-align-center\"><strong>PROGRAMME<\/strong><\/h2>\n\n\n\n<p class=\"has-text-align-center\"><strong>Jukka Linkola (1955-)<\/strong><br><em>Puna\u00adpaula<\/em>, 2. part from the series Mieli\u00adteko (1999)<br>text: trad<br>solos: Kaisu Havu\u00adkumpu, Salla Laisi, Tuike Lehko, Otto Velt\u00adheim<br><br><strong>Juhani Komu\u00adlainen (1953-)<\/strong><br><em>Fantai\u00adsies D\u00e9co\u00adra\u00adtives<\/em><br>text: Oscar Wilde<br><em>Le Panneau<\/em> (1996)<br><em>Les Ballons<\/em> (1997)<br><br><strong>Claudio Monte\u00adverdi (1567\u20131643)<\/strong><br><em>Luci serene e chiare<\/em> (1603)<br>text: Ridolfo Arlotti<br><br><strong>Eric Whitacre (1970-)<\/strong><br><em>Leonardo Dreams of His Flying Machine<\/em> (2001)<br>text: Charles Anthony Silve\u00adstri<br>solos: Aino Heis\u00adkanen, Hanna Juntunen, Stefano De Luca<br><br><strong>\u2013 INTERVAL \u2013<\/strong><br><br><strong>Caro\u00adline Shaw (1982-)<\/strong><br><em>To the Hands<\/em> (2016)<br><br>text: Caro\u00adline Shaw, The Internal Displace\u00adment Moni\u00adto\u00adring Centre &amp; The Bible<br><br><strong>I. <\/strong>Prelude<br><strong>II. <\/strong>in medio \/ in the midst<br><strong>III. <\/strong>Her beacon-hand beckons<br><strong>IV. <\/strong>ever ever ever<br><strong>V.<\/strong> Litany for the Displaced<br><em>solos: Anni Jaalas, Ella K\u00e4h\u00e4r\u00e4, Hanna Juntunen, Lauri Marja\u00adm\u00e4ki, Xiaoyu Chen, Stefano De Luca, Lauri Lehmusoja, Devina Boughton, Elissa Shaw, Pilvi Kekkonen<\/em><br><strong>VI.<\/strong> i will hold you<br><em>solos: Inka Laisi, Pilvi Kekkonen, Ella K\u00e4h\u00e4r\u00e4, Jukka Parkas, Aleksi Tiira<\/em><br><br><em>Finnish premiere, 7.9.2023<br>Lempi\u00adkuoro, Julia Lainema &amp; Nome Quartet<\/em> <\/p>\n\n\n\n<h2 class=\"wp-block-heading has-text-align-center\"><strong>JULIA LAINEMA<\/strong><\/h2>\n\n\n<div class=\"wp-block-image is-style-editorskit-diagonal\">\n<figure class=\"aligncenter size-large has-filter-sepia\"><img decoding=\"async\" loading=\"lazy\" width=\"892\" height=\"1024\" src=\"https:\/\/www.lempikuoro.fi\/wp-content\/uploads\/2020\/10\/JuliaLainema-892x1024.jpg\" alt=\"Lempikuoron taiteellinen johtaja Julia Lainema\" class=\"wp-image-124\"><figcaption class=\"wp-element-caption\"><em>Photo: Vuokko Salo<\/em><\/figcaption><\/figure><\/div>\n\n\n<p>The <em>Dialogue<\/em> concert programme reflects the conver\u00adsa\u00adtions between diffe\u00adrent eras, compo\u00adsers and social issues. Opening the concert, <strong>Jukka Linkola\u2019s<\/strong> exhi\u00adla\u00adra\u00adting rein\u00adterpre\u00adta\u00adtion of the folk tune <em>Puna\u00adpaula<\/em> is a small curtsy towards tradi\u00adtion. Combi\u00adning modern and quaint, the result is a joyful and fresh piece of music brought to the present day. <strong>Oscar Wilde\u2019s<\/strong> colourful poetic phrases are trans\u00adformed into glorious harmo\u00adnies in <strong>Juhani Komulainen\u2019s<\/strong> <em>Fantai\u00adsies D\u00e9co\u00adra\u00adtives<\/em>. The seam\u00adless connec\u00adtion between the music and the poem is powerful: the choir\u2019s sound changes with the text from flic\u00adke\u00adring to dark, from delicate to powerful.<br><br><em>Luci serene e chiare<\/em> is from <strong>Claudio Monteverdi\u2019s<\/strong> fourth madrigal book, dating to 1603. When <strong>Eric Whitacre<\/strong> was looking for inspi\u00adra\u00adtion for his compo\u00adsi\u00adtion <em>Leonardo Dreams of his Flying Machine<\/em>, he listened a lot to the songs from Monteverdi\u2019s fourth madrigal book. The connec\u00adtion between the compo\u00adsers was found without any conc\u00adrete dialogue \u2013 it just happened to be four hundred years apart.<br><br>The second half of the concert is dedicated to the six-move\u00adment compo\u00adsi\u00adtion <em>To the Hands<\/em> by the American composer <strong>Caro\u00adline Shaw<\/strong>. For this work, Lempi\u00adkuoro invites Nome Quartet, rein\u00adforced by a double bass player, to take to the stage. Lempi\u00adkuoro and Nome\u2019s perfor\u00admance is the Finnish premiere of the piece.<br><br>Caro\u00adline Shaw composed <em>To the Hands<\/em> as part of the Seven Responses project, in which seven contem\u00adpo\u00adrary compo\u00adsers were commis\u00adsioned to write a duet for <strong>Diet\u00adrich Buxtehude\u2019s<\/strong> <em>Membra Jesu Nostri<\/em> cantata. To the Hands was composed to accom\u00adpany the cantata\u2019s <em>Ad manus<\/em> section. The work engages in a dialogue not only between contem\u00adpo\u00adrary music and 17th-century music, but also, through its content, with social issues. The central pers\u00adpec\u00adtive is the suffe\u00adring of people seeking asylum and our role and respon\u00adsi\u00adbi\u00adlity in global and local crises.<br><br><em>To the Hands<\/em> begins and ends around Buxtehude\u2019s musical language. The medi\u00adta\u00adtive soundscape of the first move\u00adment carries into the second move\u00adment, which is based on a quota\u00adtion from Buxtehude\u2019s cantata. The text \u201dwhat are these wounds in your hands\u201d (<em>manuum tuarum<\/em>) turns at the end of the second move\u00adment to address us all about our social respon\u00adsi\u00adbi\u00adlity: \u201dwhat are these wounds in our hands\u201d (<em>manuum nostrum<\/em>). The third part calls for safety and freedom. In the fourth part, the focus shifts to a closer look: we are confronted with a vision of a grand\u00admother in waiting \u2013 who is she, who is she waiting for, what has she left behind? The figures listed in part five are people who have been displaced within the borders of their own country. The promise of comfort and unity in the sixth part is found in us and in somet\u00adhing greater than us, whether it be the words of Jesus, a parent, or an entire nation.<br><br><strong>Julia Lainema<\/strong><br><em>Artistic Director of Lempi\u00adkuoro<\/em><br><br><br><em>Julia Lainema graduated with a Master of Music degree in Choral Conduc\u00adting from the Sibe\u00adlius Academy in the summer of 2022, having previously completed a Master of Music degree in Music Educa\u00adtion. In addi\u00adtion to Lempi\u00adkuoro, Julia is the artistic director of Ahjo Ensemble, Kaari Ensemble and, from spring 2023, also the N\u00e4si Chamber Choir. She arranges and composes choral music and has orga\u00adnised various choral music events. Julia is a member of the Committee for Equal Oppor\u00adtu\u00adni\u00adties of the Finnish Choral Direc\u00adtors Associa\u00adtion and writes a blog on choral music called \u201dWomen compo\u00adsers in choral music\u201d.<\/em><\/p>\n\n\n\n<h2 class=\"wp-block-heading has-text-align-center\"><strong>Lempikuoro<\/strong><\/h2>\n\n\n<div class=\"wp-block-image is-style-editorskit-inverted-diagonal\">\n<figure class=\"aligncenter size-large has-filter-sepia\"><img decoding=\"async\" loading=\"lazy\" width=\"1000\" height=\"667\" src=\"https:\/\/www.lempikuoro.fi\/wp-content\/uploads\/2022\/06\/crop-309-368-1944-1297-0-DSC04160-scaled-1000x667.jpg\" alt class=\"wp-image-2440\" srcset=\"https:\/\/www.lempikuoro.fi\/wp-content\/uploads\/2022\/06\/crop-309-368-1944-1297-0-DSC04160-scaled-1000x667.jpg 1000w, https:\/\/www.lempikuoro.fi\/wp-content\/uploads\/2022\/06\/crop-309-368-1944-1297-0-DSC04160-scaled-300x200.jpg 300w, https:\/\/www.lempikuoro.fi\/wp-content\/uploads\/2022\/06\/crop-309-368-1944-1297-0-DSC04160-scaled-768x512.jpg 768w, https:\/\/www.lempikuoro.fi\/wp-content\/uploads\/2022\/06\/crop-309-368-1944-1297-0-DSC04160-scaled-1536x1025.jpg 1536w, https:\/\/www.lempikuoro.fi\/wp-content\/uploads\/2022\/06\/crop-309-368-1944-1297-0-DSC04160-scaled-18x12.jpg 18w, https:\/\/www.lempikuoro.fi\/wp-content\/uploads\/2022\/06\/crop-309-368-1944-1297-0-DSC04160-scaled-600x400.jpg 600w, https:\/\/www.lempikuoro.fi\/wp-content\/uploads\/2022\/06\/crop-309-368-1944-1297-0-DSC04160-scaled-1200x800.jpg 1200w, https:\/\/www.lempikuoro.fi\/wp-content\/uploads\/2022\/06\/crop-309-368-1944-1297-0-DSC04160-scaled.jpg 1944w\" sizes=\"(max-width: 1000px) 100vw, 1000px\"><figcaption class=\"wp-element-caption\"><em>Photo: Pyry Kantonen<\/em><\/figcaption><\/figure><\/div>\n\n\n<p class=\"has-text-align-left\"><br>Lempi\u00adkuoro is a Helsinki-based mixed choir founded by expe\u00adrienced singers in autumn 2019. In Lempi, high-class singing meets the joy of making music and explo\u00adring new perfor\u00admance methods together. The choir\u2019s reper\u00adtoire is based on a wide range of clas\u00adsical choral music from the Renais\u00adsance to the present day. In June 2023, the choir was awarded two gold medals at the Tampere Choral Festival. In the summer of 2022, the choir performed in the highly acclaimed Sun &amp; Sea opera produc\u00adtion, which was part of Kiasma\u2019s ARS22 exhi\u00adbi\u00adtion and the Helsinki Festival. The choir has also been among the first choirs to hold its own live\u00adstream concert during the strict corona restric\u00adtions in 2020, performed with pop musician Janne Masalin in 2021 and premiered five new choral works at the Sensa\u00adtion concert in autumn 2022<\/p>\n\n\n\n<h2 class=\"wp-block-heading has-text-align-center\"><strong>Nome Quartet<\/strong><\/h2>\n\n\n<div class=\"wp-block-image is-style-editorskit-diagonal\">\n<figure class=\"aligncenter size-large has-filter-sepia\"><img decoding=\"async\" loading=\"lazy\" width=\"1000\" height=\"691\" src=\"https:\/\/www.lempikuoro.fi\/wp-content\/uploads\/2023\/09\/Nome-kvartetti-1000x691.png\" alt class=\"wp-image-2506\" srcset=\"https:\/\/www.lempikuoro.fi\/wp-content\/uploads\/2023\/09\/Nome-kvartetti-1000x691.png 1000w, https:\/\/www.lempikuoro.fi\/wp-content\/uploads\/2023\/09\/Nome-kvartetti-300x207.png 300w, https:\/\/www.lempikuoro.fi\/wp-content\/uploads\/2023\/09\/Nome-kvartetti-768x531.png 768w, https:\/\/www.lempikuoro.fi\/wp-content\/uploads\/2023\/09\/Nome-kvartetti-18x12.png 18w, https:\/\/www.lempikuoro.fi\/wp-content\/uploads\/2023\/09\/Nome-kvartetti-1200x829.png 1200w, https:\/\/www.lempikuoro.fi\/wp-content\/uploads\/2023\/09\/Nome-kvartetti-600x415.png 600w, https:\/\/www.lempikuoro.fi\/wp-content\/uploads\/2023\/09\/Nome-kvartetti.png 1262w\" sizes=\"(max-width: 1000px) 100vw, 1000px\"><figcaption class=\"wp-element-caption\"><em>Photo: Sakari R\u00f6ysk\u00f6<\/em><\/figcaption><\/figure><\/div>\n\n\n<p class=\"has-text-align-left\">The Nome Quartet is an ensemble of young profes\u00adsio\u00adnals who have been gaining a firmer foot\u00adhold in the Finnish quartet scene in recent years. Founded at the Kuhmo Chamber Music Festival in 2013, the Nome Quartet has been heard at the Kino Soi! concert series in Espoo Tapiola and at the Kumpula Chamber Concerts in Helsinki. In the Dialogue concert, the Nome Quartet will be joined by double bassist <strong>Taru Tiusanen<\/strong>. The cellist is subs\u00adti\u00adtuted by <strong>Petja Kainu\u00adlainen<\/strong> and the second violi\u00adnist by<strong> Anna Husgafvel<\/strong>.<br><br><em>Elina P\u00e4kkil\u00e4, violin<br>Anna Husgafvel, violin (guest)<br>Elina Heik\u00adkinen, viola<br>Petja Kainu\u00adlainen, cello (guest)<br>Taru Tiusanen, double bass<\/em><br><br><a href=\"https:\/\/www.nomequartet.com\/\" class=\"ek-link\">nomequartet.com<\/a><\/p>\n\n\n\n<h2 class=\"wp-block-heading has-text-align-center\"><strong>TEXTS AND TRANSLATIONS<\/strong><\/h2>\n\n\n\n<p>Linkola: <strong>Puna\u00adpaula<\/strong> <em>(Red Ribbon)<\/em><br><em>text: trad <\/em><br><br>A lass puts a red ribbon on and dancing she goes<br>She ties it on the arm of her loved one<br>Why do you tie it so tight, O my love<br>Or do you think I\u2019ll run away<br><br>\u2026\u2026\u2026\u2026\u2026\u2026\u2026\u2026\u2026\u2026..<br><br>Komu\u00adlainen: <strong>Le Panneau \u2013 The Panel<\/strong><br><em>text: Oscar Wilde<\/em><br><br>Under the rose-tree\u2019s dancing shade<br>There stands a little ivory girl,<br>Pulling the leaves of pink and pearl<br>With pale green nails of polished jade.<br><br>The red leaves fall upon the mould,<br>The white leaves flutter, one by one,<br>Down to a blue bowl where the sun,<br>Like a great dragon, writhes in gold.<br><br>The white leaves float upon the air,<br>The red leaves flutter idly down,<br>Some fall upon her yellow gown,<br>And some upon her raven hair.<br><br>She takes an amber lute and sings,<br>And as she sings a silver crane<br>Begins his scarlet neck to strain,<br>And flap his burnished metal wings.<br><br>She takes a lute of amber bright,<br>And from the thicket where he lies<br>Her lover, with his almond eyes,<br>Watches her move\u00adments in delight.<br><br>And now she gives a cry of fear,<br>And tiny tears begin to start:<br>A thorn has wounded with its dart<br>The pink-veined sea-shell of her ear.<br><br>And now she laughs a merry note:<br>There has fallen a petal of the rose<br>Just where the yellow satin shows<br>The blue-veined flower of her throat.<br><br>With pale green nails of polished jade,<br>Pulling the leaves of pink and pearl,<br>There stands a little ivory girl<br>Under the rose-tree\u2019s dancing shade.<br><br>\u2026\u2026\u2026\u2026\u2026\u2026\u2026\u2026\u2026\u2026..<br><br>Komu\u00adlainen: <strong>Les Ballons \u2013 The Balloons<\/strong><br><em>text: Oscar Wilde<\/em><br><br>Against these turbid turquoise skies<br>The light and lumi\u00adnous balloons<br>Dip and drift like satin moons,<br>Drift like silken butterflies;<br><br>Reel with every windy gust,<br>Rise and reel like dancing girls,<br>Float like strange trans\u00adpa\u00adrent pearls,<br>Fall and float like silver dust.<br><br>Now to the low leaves they cling,<br>Each with coy fantastic pose,<br>Each a petal of a rose<br>Strai\u00adning at a gossamer string.<br><br>Then to the tall trees they climb,<br>Like thin globes of amet\u00adhyst,<br>Wande\u00adring opals keeping tryst<br>With the rubies of the lime.<br><br>\u2026\u2026\u2026\u2026\u2026\u2026\u2026\u2026\u2026\u2026..<br><br>Monte\u00adverdi: <strong>Luci serene<\/strong> <strong>e chiare<\/strong><br><em>text: Ridolfo Arlotti<\/em><br><br>Eyes serene and clear<br>you inflame me, but the heart<br>finds plea\u00adsure, not sorrow, in the fire.<br><br>Words sweet and dear,<br>you wound me, but my breast<br>finds plea\u00adsure, not sorrow, in the wound.<br><br>O miracle of love!<br>The soul that is all fire and blood<br>destroys itself, grieves not, dies without languis\u00adhing.<br><br><em>(From a programme published on the Internet by Sonoma State Univer\u00adsity Chamber Singers)<\/em><br><br>\u2026\u2026\u2026\u2026\u2026\u2026\u2026\u2026\u2026\u2026..<br><br>Whitacre: <strong>Leonardo Dreams of his Flying Machine<\/strong><br><em>text: Charles Anthony Silvestr<\/em>i<br><br><strong>I.<\/strong><br>Leonardo Dreams of his Flying Machine\u2026<br><br>Tormented by visions of flight and falling,<br>More wondrous and terrible each than the last,<br>Master Leonardo imagines an engine<br>To carry a man up into the sun\u2026<br><br>And as he\u2019s drea\u00adming the heavens call him,<br>softly whis\u00adpe\u00adring their siren-song:<br>\u201cLeonardo. Leonardo, vieni \u00e1 volare\u201d. (\u201cLeonardo. Leonardo, come fly\u201d.)<br><br>L\u2019uomo colle sua congieg\u00adniate e grandi ale,<br>facciendo forza contro alla resis\u00adtente aria.<br>(A man with wings large enough and duly connected<br>might learn to overcome the resis\u00adtance of the air.)<br><br><strong>II.<\/strong><br>Leonardo Dreams of his Flying Machine\u2026<br><br>As the candles burn low he paces and writes,<br>Relea\u00adsing purc\u00adhased pigeons one by one<br>Into the golden Tuscan sunrise\u2026<br><br>And as he dreams, again the calling,<br>The very air itself gives voice:<br>\u201cLeonardo. Leonardo, vieni \u00e1 volare\u201d. (\u201cLeonardo. Leonardo, come fly\u201d.)<br><br>Vicina all\u2019elemento del fuoco\u2026<br>(Close to the sphere of elemental fire\u2026)<br><br>Scratc\u00adhing quill on crumpled paper,<br><br>Rete, canna, filo, carta.<br>(Net, cane, thread, paper.)<br><br>Images of wing and frame and fabric fastened tightly.<br>\u2026sulla suprema sottile aria.<br>(\u2026in the highest and rarest atmosp\u00adhere.)<br><br><strong>III<\/strong>.<br>Master Leonardo Da Vinci Dreams of his Flying Machine\u2026<br>As the midnight watch\u00adtower tolls,<br>Over rooftop, street and dome,<br>The triumph of a human being ascen\u00adding<br>In the drea\u00adming of a mortal man.<br><br>Leonardo steels himself,<br>takes one last breath,<br>and leaps\u2026<br><br>\u201cLeonardo, Vieni \u00e1 Volare! Leonardo, Sognare!\u201d (\u201cLeonardo, come fly! Leonardo, Dream!\u201d)<br><br>\u2026\u2026\u2026\u2026\u2026\u2026\u2026\u2026\u2026\u2026..<br><br>Shaw: <strong>To the Hands&nbsp;<\/strong><br><br><strong>I. <\/strong>Prelude<br><br><strong>II. <\/strong>in medio \/ in the midst<br><br><em>quid sunt plagae istae<\/em><br><em>quid sunt plagae istae in medio manuum tuarum&nbsp;<\/em><br><em>in medio&nbsp;<\/em><br><em>quid sunt plagae istae&nbsp;<\/em><br><em>quid sunt plagae istae in medio manuum nostrarum&nbsp;<\/em><br><br><em>trans\u00adla\u00adtion: <\/em><br><em>what are those wounds&nbsp;<\/em><br><em>what are those wounds in the midst of your hands&nbsp;<\/em><br><em>in the midst<\/em><br><em>what are those wounds&nbsp;<\/em><br><em>what are those wounds in the midst of our hands<\/em>&nbsp;<br><br><strong>III. <\/strong>Her beacon-hand beckons<br><br>Her beacon-hand beckons:&nbsp;<br>give&nbsp;<br>give to me those year\u00adning to breathe free<br>tempest-tossed they cannot see&nbsp;<br>what lies beyond the olive tree&nbsp;<br>whose branch was lost amid the pleas&nbsp;<br>for mercy, mercy&nbsp;<br>give&nbsp;<br>give to me&nbsp;<br>your tired figh\u00adters fleeing flying&nbsp;<br>from the<br>from the&nbsp;<br>from&nbsp;<br>let them&nbsp;<br>i will be your refuge&nbsp;<br>i will be your refuge&nbsp;<br>i will be&nbsp;<br>i will be&nbsp;<br>we will be&nbsp;<br>we will<br><br><strong>IV.<\/strong> ever ever ever<br><br>ever ever ever&nbsp;<br>in the window sills or&nbsp;<br>the beveled edges&nbsp;<br>of the aging wooden frames that hold&nbsp;<br>old photo\u00adgraphs&nbsp;<br>hands folded&nbsp;<br>folded&nbsp;<br>gently in her lap&nbsp;<br><br>ever ever&nbsp;<br>in the crevices&nbsp;<br>the never-ending efforts of&nbsp;<br>the grandmother\u2019s tendons tending&nbsp;<br>to her bread and empty chairs&nbsp;<br>left for Elijahs&nbsp;<br>where are they now&nbsp;<br><br><em>in caverna&nbsp;<\/em><br><em>in caverna<\/em><br><br><strong>V. <\/strong>Litany of the Displaced<br><br><em>The choir speaks global figures of internal displace\u00adment, sourced from the Internal Displace\u00adment Moni\u00adto\u00adring Centre (http:\/\/www.internal-displacement.org\/global-fgures \u2014 accessed 01\/03\/2016). The numbers spoken are the numbers of inter\u00adnally displaced persons by country, in ascen\u00adding order. These are people, some of whom may have legal refugee status, who have been displaced within their own country due to armed conflict, situa\u00adtions of gene\u00adra\u00adlized violence or viola\u00adtions of human rights.<\/em><br><br><strong>VI.&nbsp; <\/strong>i will hold you<br><br>i would hold you&nbsp;<br>i would hold you&nbsp;<br>ever ever will i hold you&nbsp;<br>ever ever will i enfold you&nbsp;<br><br><em>in medio&nbsp;<\/em><br>..<br><em>in medio manuum tuarum<\/em><br><em>(in the midst of your&nbsp;hands)<\/em><\/p>","protected":false},"excerpt":{"rendered":"<p>DIALOGUES Thursday 7th of September, 2023 at 7 pmRitarihuone \/\/ The House of Nobility Performed by LempikuoroConducted by Julia LainemaFeaturing Nome Quartet: Elina P\u00e4kkil\u00e4, violinAnna Husgafvel, violin (guest)Elina Heikkinen, violaPetja Kainulainen, cello (guest)Taru Tiusanen, double bass PROGRAMME Jukka Linkola (1955-)Punapaula, 2. part from the series Mieliteko (1999)text: tradsolos: Kaisu Havukumpu, Salla Laisi, Tuike Lehko, Otto [&hellip;]<\/p>\n","protected":false},"author":1,"featured_media":0,"parent":0,"menu_order":0,"comment_status":"closed","ping_status":"closed","template":"","meta":{"_editorskit_title_hidden":false,"_editorskit_reading_time":10,"_editorskit_is_block_options_detached":false,"_editorskit_block_options_position":"{}","_coblocks_attr":"","_coblocks_dimensions":"","_coblocks_responsive_height":"{\"coblocks-shape-divider-931212241693\":{\"backgroundHeight\":{\"height\":20}}}","_coblocks_accordion_ie_support":"","wp_typography_post_enhancements_disabled":false,"_monsterinsights_skip_tracking":false,"_monsterinsights_sitenote_active":false,"_monsterinsights_sitenote_note":"","_monsterinsights_sitenote_category":0,"cybocfi_hide_featured_image":""},"featured_image_urls_v2":{"full":"","thumbnail":"","medium":"","medium_large":"","large":"","1536x1536":"","2048x2048":"","trp-custom-language-flag":"","ab-block-post-grid-landscape":"","ab-block-post-grid-square":"","ultp_layout_landscape_large":"","ultp_layout_landscape":"","ultp_layout_portrait":"","ultp_layout_square":"","post-thumbnail":"","twentytwenty-fullscreen":"","woocommerce_thumbnail":"","woocommerce_single":"","woocommerce_gallery_thumbnail":""},"post_excerpt_stackable_v2":"<p>DIALOGUES Thursday 7th of September, 2023 at 7 pmRitarihuone \/\/ The House of NobilityPerformed by LempikuoroConducted by Julia LainemaFeaturing Nome Quartet: Elina P\u00e4kkil\u00e4, violinAnna Husgafvel, violin (guest)Elina Heikkinen, violaPetja Kainulainen, cello (guest)Taru Tiusanen, double bass PROGRAMME Jukka Linkola (1955-)Punapaula, 2. part from the series Mieliteko (1999)text: tradsolos: Kaisu Havukumpu, Salla Laisi, Tuike Lehko, Otto VeltheimJuhani Komulainen (1953-)Fantaisies D\u00e9corativestext: Oscar WildeLe Panneau (1996)Les Ballons (1997)Claudio Monteverdi (1567-1643)Luci serene e chiare (1603)text: Ridolfo ArlottiEric Whitacre (1970-)Leonardo Dreams of His Flying Machine (2001)text: Charles Anthony Silvestrisolos: Aino Heiskanen, Hanna Juntunen, Stefano De Luca&#8211; INTERVAL &#8211;Caroline Shaw (1982-)To the Hands (2016)text: Caroline Shaw, The&hellip;<\/p>\n","category_list_v2":"","author_info_v2":{"name":"admin","url":"https:\/\/www.lempikuoro.fi\/en\/author\/admin\/"},"comments_num_v2":"0 comments","yoast_head":"<!-- This site is optimized with the Yoast SEO plugin v21.5 - https:\/\/yoast.com\/wordpress\/plugins\/seo\/ -->\n<title>Dialogues - Lempikuoro<\/title>\n<meta name=\"description\" content=\"This is the programme page in English for Lempikuoro&#039;s concert Dialogues on the 7th of September 2023.\" \/>\n<meta name=\"robots\" content=\"index, follow, max-snippet:-1, max-image-preview:large, max-video-preview:-1\" \/>\n<link rel=\"canonical\" href=\"https:\/\/www.lempikuoro.fi\/en\/dialogues\/\" \/>\n<meta property=\"og:locale\" content=\"en_GB\" \/>\n<meta property=\"og:type\" content=\"article\" \/>\n<meta property=\"og:title\" content=\"Dialogues - Lempikuoro\" \/>\n<meta property=\"og:description\" content=\"This is the programme page in English for Lempikuoro&#039;s concert Dialogues on the 7th of September 2023.\" \/>\n<meta property=\"og:url\" content=\"https:\/\/www.lempikuoro.fi\/en\/dialogues\/\" \/>\n<meta property=\"og:site_name\" content=\"Lempikuoro\" \/>\n<meta property=\"article:publisher\" content=\"https:\/\/www.facebook.com\/lempikuoro\" \/>\n<meta property=\"article:modified_time\" content=\"2023-09-05T20:17:17+00:00\" \/>\n<meta property=\"og:image\" content=\"https:\/\/www.lempikuoro.fi\/wp-content\/uploads\/2020\/10\/JuliaLainema-892x1024.jpg\" \/>\n<meta name=\"twitter:card\" content=\"summary_large_image\" \/>\n<meta name=\"twitter:label1\" content=\"Estimated reading time\" \/>\n\t<meta name=\"twitter:data1\" content=\"13 minutes\" \/>\n<script type=\"application\/ld+json\" class=\"yoast-schema-graph\">{\"@context\":\"https:\/\/schema.org\",\"@graph\":[{\"@type\":\"WebPage\",\"@id\":\"https:\/\/www.lempikuoro.fi\/dialogues\/\",\"url\":\"https:\/\/www.lempikuoro.fi\/dialogues\/\",\"name\":\"Dialogues - Lempikuoro\",\"isPartOf\":{\"@id\":\"https:\/\/www.lempikuoro.fi\/#website\"},\"datePublished\":\"2023-09-05T18:47:55+00:00\",\"dateModified\":\"2023-09-05T20:17:17+00:00\",\"description\":\"This is the programme page in English for Lempikuoro's concert Dialogues on the 7th of September 2023.\",\"breadcrumb\":{\"@id\":\"https:\/\/www.lempikuoro.fi\/dialogues\/#breadcrumb\"},\"inLanguage\":\"en-GB\",\"potentialAction\":[{\"@type\":\"ReadAction\",\"target\":[\"https:\/\/www.lempikuoro.fi\/dialogues\/\"]}]},{\"@type\":\"BreadcrumbList\",\"@id\":\"https:\/\/www.lempikuoro.fi\/dialogues\/#breadcrumb\",\"itemListElement\":[{\"@type\":\"ListItem\",\"position\":1,\"name\":\"Home\",\"item\":\"https:\/\/www.lempikuoro.fi\/\"},{\"@type\":\"ListItem\",\"position\":2,\"name\":\"Dialogues\"}]},{\"@type\":\"WebSite\",\"@id\":\"https:\/\/www.lempikuoro.fi\/#website\",\"url\":\"https:\/\/www.lempikuoro.fi\/\",\"name\":\"Lempikuoro\",\"description\":\"\",\"publisher\":{\"@id\":\"https:\/\/www.lempikuoro.fi\/#organization\"},\"potentialAction\":[{\"@type\":\"SearchAction\",\"target\":{\"@type\":\"EntryPoint\",\"urlTemplate\":\"https:\/\/www.lempikuoro.fi\/?s={search_term_string}\"},\"query-input\":\"required name=search_term_string\"}],\"inLanguage\":\"en-GB\"},{\"@type\":\"Organization\",\"@id\":\"https:\/\/www.lempikuoro.fi\/#organization\",\"name\":\"Lempikuoro\",\"url\":\"https:\/\/www.lempikuoro.fi\/\",\"logo\":{\"@type\":\"ImageObject\",\"inLanguage\":\"en-GB\",\"@id\":\"https:\/\/www.lempikuoro.fi\/#\/schema\/logo\/image\/\",\"url\":\"https:\/\/www.lempikuoro.fi\/wp-content\/uploads\/2020\/10\/Lempilogo_mustavalko2-scaled.jpeg\",\"contentUrl\":\"https:\/\/www.lempikuoro.fi\/wp-content\/uploads\/2020\/10\/Lempilogo_mustavalko2-scaled.jpeg\",\"width\":2560,\"height\":1810,\"caption\":\"Lempikuoro\"},\"image\":{\"@id\":\"https:\/\/www.lempikuoro.fi\/#\/schema\/logo\/image\/\"},\"sameAs\":[\"https:\/\/www.facebook.com\/lempikuoro\",\"https:\/\/www.instagram.com\/lempikuoro\/\",\"https:\/\/www.youtube.com\/channel\/UCm_CS0Ua7SgpTTpxF7Q91dQ\"]}]}<\/script>\n<!-- \/ Yoast SEO plugin. -->","yoast_head_json":{"title":"Dialo\u00adgues \u2014 Lempikuoro","description":"This is the programme page in English for Lempi\u00adkuo\u00adro\u2019s concert Dialo\u00adgues on the 7th of September 2023.","robots":{"index":"index","follow":"follow","max-snippet":"max-snippet:-1","max-image-preview":"max-image-preview:large","max-video-preview":"max-video-preview:-1"},"canonical":"https:\/\/www.lempikuoro.fi\/en\/dialogues\/","og_locale":"en_GB","og_type":"article","og_title":"Dialogues - Lempikuoro","og_description":"This is the programme page in English for Lempikuoro's concert Dialogues on the 7th of September 2023.","og_url":"https:\/\/www.lempikuoro.fi\/en\/dialogues\/","og_site_name":"Lempikuoro","article_publisher":"https:\/\/www.facebook.com\/lempikuoro","article_modified_time":"2023-09-05T20:17:17+00:00","og_image":[{"url":"https:\/\/www.lempikuoro.fi\/wp-content\/uploads\/2020\/10\/JuliaLainema-892x1024.jpg"}],"twitter_card":"summary_large_image","twitter_misc":{"Estimated reading time":"13 minutes"},"schema":{"@context":"https:\/\/schema.org","@graph":[{"@type":"WebPage","@id":"https:\/\/www.lempikuoro.fi\/dialogues\/","url":"https:\/\/www.lempikuoro.fi\/dialogues\/","name":"Dialo\u00adgues \u2014 Lempikuoro","isPartOf":{"@id":"https:\/\/www.lempikuoro.fi\/#website"},"datePublished":"2023-09-05T18:47:55+00:00","dateModified":"2023-09-05T20:17:17+00:00","description":"This is the programme page in English for Lempi\u00adkuo\u00adro\u2019s concert Dialo\u00adgues on the 7th of September 2023.","breadcrumb":{"@id":"https:\/\/www.lempikuoro.fi\/dialogues\/#breadcrumb"},"inLanguage":"en-GB","potentialAction":[{"@type":"ReadAction","target":["https:\/\/www.lempikuoro.fi\/dialogues\/"]}]},{"@type":"BreadcrumbList","@id":"https:\/\/www.lempikuoro.fi\/dialogues\/#breadcrumb","itemListElement":[{"@type":"ListItem","position":1,"name":"Home","item":"https:\/\/www.lempikuoro.fi\/"},{"@type":"ListItem","position":2,"name":"Dialogues"}]},{"@type":"WebSite","@id":"https:\/\/www.lempikuoro.fi\/#website","url":"https:\/\/www.lempikuoro.fi\/","name":"Lempi\u00adkuoro","description":"","publisher":{"@id":"https:\/\/www.lempikuoro.fi\/#organization"},"potentialAction":[{"@type":"SearchAction","target":{"@type":"EntryPoint","urlTemplate":"https:\/\/www.lempikuoro.fi\/?s={search_term_string}"},"query-input":"required name=search_term_string"}],"inLanguage":"en-GB"},{"@type":"Organization","@id":"https:\/\/www.lempikuoro.fi\/#organization","name":"Lempi\u00adkuoro","url":"https:\/\/www.lempikuoro.fi\/","logo":{"@type":"ImageObject","inLanguage":"en-GB","@id":"https:\/\/www.lempikuoro.fi\/#\/schema\/logo\/image\/","url":"https:\/\/www.lempikuoro.fi\/wp-content\/uploads\/2020\/10\/Lempilogo_mustavalko2-scaled.jpeg","contentUrl":"https:\/\/www.lempikuoro.fi\/wp-content\/uploads\/2020\/10\/Lempilogo_mustavalko2-scaled.jpeg","width":2560,"height":1810,"caption":"Lempikuoro"},"image":{"@id":"https:\/\/www.lempikuoro.fi\/#\/schema\/logo\/image\/"},"sameAs":["https:\/\/www.facebook.com\/lempikuoro","https:\/\/www.instagram.com\/lempikuoro\/","https:\/\/www.youtube.com\/channel\/UCm_CS0Ua7SgpTTpxF7Q91dQ"]}]}},"featured_image_src":null,"featured_image_src_square":null,"_links":{"self":[{"href":"https:\/\/www.lempikuoro.fi\/en\/wp-json\/wp\/v2\/pages\/2498"}],"collection":[{"href":"https:\/\/www.lempikuoro.fi\/en\/wp-json\/wp\/v2\/pages"}],"about":[{"href":"https:\/\/www.lempikuoro.fi\/en\/wp-json\/wp\/v2\/types\/page"}],"author":[{"embeddable":true,"href":"https:\/\/www.lempikuoro.fi\/en\/wp-json\/wp\/v2\/users\/1"}],"replies":[{"embeddable":true,"href":"https:\/\/www.lempikuoro.fi\/en\/wp-json\/wp\/v2\/comments?post=2498"}],"version-history":[{"count":18,"href":"https:\/\/www.lempikuoro.fi\/en\/wp-json\/wp\/v2\/pages\/2498\/revisions"}],"predecessor-version":[{"id":2521,"href":"https:\/\/www.lempikuoro.fi\/en\/wp-json\/wp\/v2\/pages\/2498\/revisions\/2521"}],"wp:attachment":[{"href":"https:\/\/www.lempikuoro.fi\/en\/wp-json\/wp\/v2\/media?parent=2498"}],"curies":[{"name":"wp","href":"https:\/\/api.w.org\/{rel}","templated":true}]}}